{"id":5476,"date":"2018-04-10T15:50:34","date_gmt":"2018-04-10T15:50:34","guid":{"rendered":"https:\/\/ingemar.alenas.se\/?page_id=5476"},"modified":"2018-04-10T16:16:43","modified_gmt":"2018-04-10T16:16:43","slug":"rapportering-av-kalkningsanslaget","status":"publish","type":"page","link":"https:\/\/ingemar.alenas.se\/?page_id=5476","title":{"rendered":"Rapportering av kalkningsanslaget"},"content":{"rendered":"<h5><strong>2018-04-10 Havs-och vattenmyndigheten ska i enlighet med regleringsbrevet f\u00f6r budget\u00e5ret 2017 redovisa hur bidraget till kalkning av v\u00e5ra vatten anv\u00e4nts. Redovisningen ska l\u00e4mnas till Milj\u00f6-och energidepartementet senast den 31 mars 2018.&nbsp;<\/strong><\/h5>\n<p>Rapporten kan l\u00e4sas i sin helhet <a href=\"https:\/\/www.havochvatten.se\/download\/18.52d593d41624ea1d54944392\/1523344293204\/aterrapportering-1-11-2017-slutredovisning.pdf\">h\u00e4r.<\/a><\/p>\n<p><em><strong>&#8221;L\u00e4nsstyrelserna i J\u00f6nk\u00f6ping, V\u00e4stra G\u00f6taland, \u00d6rebro och V\u00e4stmanland anger i sin \u00e5terrapportering att de planerar nykalkning eller ut\u00f6kad kalkning f\u00f6r att f\u00f6lja milj\u00f6kvalitetsnormer f\u00f6r l\u00e4nets vattenf\u00f6rekomster. \u00d6vriga l\u00e4nsstyrelser st\u00e4ller sig avvaktande eller \u00e4r i dagsl\u00e4get os\u00e4kra p\u00e5 om ett behov f\u00f6religger&#8221;<\/strong><\/em> s\u00e4gs i rapporten.<\/p>\n<p>Halland kalkar f\u00f6r livet! Det var slogan vid Falkenbergs kommuns 30-\u00e5rsjubileum f\u00f6r verksamheten. Nu har det g\u00e5tt ytterligare tio \u00e5r av lyckad kalkningsverksamhet och vi firar i \u00e5r 40-\u00e5rsjubileum!<\/p>\n<p>I Halland kalkas i dagsl\u00e4get 245 sj\u00f6ar. Det finns&nbsp; 1030 sj\u00f6ar st\u00f6rre \u00e4n en hektar som \u00e4r i behov av nykalkning. M\u00e5nga sm\u00e5 sj\u00f6ar \u00e4r mycket viktiga f\u00f6r den biologiska m\u00e5ngfalden och f\u00f6r att uppr\u00e4tth\u00e5lla en god produktion av den hotade \u00e5len. G\u00e4dda, g\u00f6s, abborre och m\u00f6rt \u00e4r viktiga f\u00f6r en levande landsbygd.&nbsp;<\/p>\n<p>Hur det kommer sig att Hallands l\u00e4n \u00e4r os\u00e4kra p\u00e5 om det f\u00f6religger ett behov av nykalkning framg\u00e5r inte av rapporten.&nbsp;<\/p>\n<p>L\u00e4s mer om nykalkning <a href=\"https:\/\/ingemar.alenas.se\/?page_id=4960\">h\u00e4r.<\/a><\/p>\n<p>Det \u00e4r ca 10 \u00e5r sedan Falkenbergs kommun ans\u00f6kte och fick nykalkningsbidrag fr\u00e5n EU till n\u00e5gra av kommunens okalkade sj\u00f6ar!<\/p>\n<p><a href=\"https:\/\/ingemar.alenas.se\/wp-content\/uploads\/2018\/04\/Kalkning-30-\u00e5r.jpg\"><img loading=\"lazy\" decoding=\"async\" width=\"439\" height=\"911\" class=\"alignnone wp-image-5458 size-full\" alt=\"\" src=\"https:\/\/ingemar.alenas.se\/wp-content\/uploads\/2018\/04\/Kalkning-30-\u00e5r.jpg\" srcset=\"https:\/\/ingemar.alenas.se\/wp-content\/uploads\/2018\/04\/Kalkning-30-\u00e5r.jpg 439w, https:\/\/ingemar.alenas.se\/wp-content\/uploads\/2018\/04\/Kalkning-30-\u00e5r-145x300.jpg 145w\" sizes=\"auto, (max-width: 439px) 100vw, 439px\" \/><\/a><\/p>\n<p>&nbsp;<\/p>\n","protected":false},"excerpt":{"rendered":"<p>2018-04-10 Havs-och vattenmyndigheten ska i enlighet med regleringsbrevet f\u00f6r budget\u00e5ret 2017 redovisa hur bidraget till kalkning av v\u00e5ra vatten anv\u00e4nts. Redovisningen ska l\u00e4mnas till Milj\u00f6-och energidepartementet senast den 31 mars 2018.&nbsp; Rapporten kan l\u00e4sas i sin helhet h\u00e4r. &#8221;L\u00e4nsstyrelserna i J\u00f6nk\u00f6ping, V\u00e4stra G\u00f6taland, \u00d6rebro och V\u00e4stmanland anger i sin \u00e5terrapportering att de planerar nykalkning eller &hellip; <a href=\"https:\/\/ingemar.alenas.se\/?page_id=5476\" class=\"more-link\">Forts\u00e4tt l\u00e4sa <span class=\"screen-reader-text\">Rapportering av kalkningsanslaget<\/span> <span class=\"meta-nav\">&rarr;<\/span><\/a><\/p>\n","protected":false},"author":1,"featured_media":5330,"parent":2222,"menu_order":0,"comment_status":"closed","ping_status":"closed","template":"","meta":{"ngg_post_thumbnail":0,"footnotes":""},"class_list":["post-5476","page","type-page","status-publish","has-post-thumbnail","hentry"],"_links":{"self":[{"href":"https:\/\/ingemar.alenas.se\/index.php?rest_route=\/wp\/v2\/pages\/5476","targetHints":{"allow":["GET"]}}],"collection":[{"href":"https:\/\/ingemar.alenas.se\/index.php?rest_route=\/wp\/v2\/pages"}],"about":[{"href":"https:\/\/ingemar.alenas.se\/index.php?rest_route=\/wp\/v2\/types\/page"}],"author":[{"embeddable":true,"href":"https:\/\/ingemar.alenas.se\/index.php?rest_route=\/wp\/v2\/users\/1"}],"replies":[{"embeddable":true,"href":"https:\/\/ingemar.alenas.se\/index.php?rest_route=%2Fwp%2Fv2%2Fcomments&post=5476"}],"version-history":[{"count":10,"href":"https:\/\/ingemar.alenas.se\/index.php?rest_route=\/wp\/v2\/pages\/5476\/revisions"}],"predecessor-version":[{"id":5487,"href":"https:\/\/ingemar.alenas.se\/index.php?rest_route=\/wp\/v2\/pages\/5476\/revisions\/5487"}],"up":[{"embeddable":true,"href":"https:\/\/ingemar.alenas.se\/index.php?rest_route=\/wp\/v2\/pages\/2222"}],"wp:featuredmedia":[{"embeddable":true,"href":"https:\/\/ingemar.alenas.se\/index.php?rest_route=\/wp\/v2\/media\/5330"}],"wp:attachment":[{"href":"https:\/\/ingemar.alenas.se\/index.php?rest_route=%2Fwp%2Fv2%2Fmedia&parent=5476"}],"curies":[{"name":"wp","href":"https:\/\/api.w.org\/{rel}","templated":true}]}}